{"id":2,"date":"2021-04-16T10:06:19","date_gmt":"2021-04-16T10:06:19","guid":{"rendered":"http:\/\/localhost\/wordpress\/?page_id=2"},"modified":"2021-04-23T11:28:35","modified_gmt":"2021-04-23T11:28:35","slug":"sample-page","status":"publish","type":"page","link":"https:\/\/www.koucink-pardubice.cz\/index.php\/sample-page\/","title":{"rendered":"O mn\u011b"},"content":{"rendered":"\n<p>V pracovn\u00edm i v soukrom\u00e9m \u017eivot\u011b m\u011b prov\u00e1zej\u00ed dv\u011b v\u00e1\u0161n\u011b. <\/p>\n\n\n\n<p><strong>Osobn\u00ed rozvoj a tanec.<\/strong> Ob\u011b oblasti se staly nejd\u0159\u00edve m\u00fdm kon\u00ed\u010dkem a pozd\u011bji i povol\u00e1n\u00edm. <\/p>\n\n\n\n<p>Vystudovala jsem obor soci\u00e1ln\u00ed pedagogika na Univerzit\u011b v Hradci Kr\u00e1lov\u00e9. <\/p>\n\n\n\n<p>Jako \u0161kolitelka a<strong> profesion\u00e1ln\u00ed certifikovan\u00e1 kou\u010dka<\/strong> (certifik\u00e1t  v galerii) jsem pracovala v r\u016fzn\u00fdch spole\u010dnostech (Vodafone, O2, \u010cSOB poj.), kde jsem z\u00edskala spoustu zku\u0161enost\u00ed. Po \u010dase jsem zjistila, \u017ee m\u011b nejv\u00edce oslovuje \u017eivotn\u00ed kou\u010dink. Do t\u00e9to oblasti jsem se opravdu pono\u0159ila. \ud83d\ude42 Pracovala jsem na sob\u011b, na principech \u00fasp\u011bchu, komunikace, sebel\u00e1sce, nastaven\u00ed hranic, partnerstv\u00ed&#8230; Zkr\u00e1tka na tom, abych byla v \u017eivot\u011b spokojen\u00e1 a mohla jsem svoje zku\u0161enosti a poznatky d\u00e1le p\u0159ed\u00e1vat.<\/p>\n\n\n\n<p>Mou druhou v\u00e1\u0161n\u00ed jsou latinsko-americk\u00e9 tance. Tan\u010d\u00edm od patn\u00e1cti let. Vytan\u010dila jsem si mezin\u00e1rodn\u00ed t\u0159\u00eddu a titul <strong>mistryn\u011b sv\u011bta (Pa\u0159\u00ed\u017e 2015)<\/strong> a <strong>mistryn\u011b Evropy (Blackpool 2015)<\/strong>. Provozuji tane\u010dn\u00ed \u0161kolu &#8211; v\u00edce informac\u00ed najdete na <a href=\"http:\/\/www.tanec-pardubice.cz\" target=\"_blank\" rel=\"noreferrer noopener\">www.tanec-pardubice.cz<\/a><\/p>\n\n\n\n<p><strong>R\u00e1da se s V\u00e1mi sejdu a pomohu V\u00e1m nasm\u011brovat Va\u0161e kroky ke spokojen\u00e9mu \u017eivotu.<\/strong><\/p>\n\n\n\n<p><\/p>\n\n\n\n<p><\/p>\n\n\n\n<blockquote class=\"wp-block-quote\"><p><\/p><\/blockquote>\n","protected":false},"excerpt":{"rendered":"<p>V pracovn\u00edm i v soukrom\u00e9m \u017eivot\u011b m\u011b prov\u00e1zej\u00ed dv\u011b v\u00e1\u0161n\u011b. Osobn\u00ed rozvoj a tanec. Ob\u011b oblasti se staly nejd\u0159\u00edve m\u00fdm kon\u00ed\u010dkem a pozd\u011bji i povol\u00e1n\u00edm. Vystudovala jsem obor soci\u00e1ln\u00ed pedagogika na Univerzit\u011b v Hradci Kr\u00e1lov\u00e9. Jako \u0161kolitelka a profesion\u00e1ln\u00ed certifikovan\u00e1 kou\u010dka (certifik\u00e1t v galerii) jsem pracovala v r\u016fzn\u00fdch spole\u010dnostech (Vodafone, O2, \u010cSOB poj.), kde jsem &hellip; <\/p>\n<p class=\"link-more\"><a href=\"https:\/\/www.koucink-pardubice.cz\/index.php\/sample-page\/\" class=\"more-link\">Pokra\u010dovat ve \u010dten\u00ed<span class=\"screen-reader-text\"> &#8222;O mn\u011b&#8220;<\/span><\/a><\/p>\n","protected":false},"author":1,"featured_media":0,"parent":0,"menu_order":0,"comment_status":"closed","ping_status":"open","template":"","meta":[],"_links":{"self":[{"href":"https:\/\/www.koucink-pardubice.cz\/index.php\/wp-json\/wp\/v2\/pages\/2"}],"collection":[{"href":"https:\/\/www.koucink-pardubice.cz\/index.php\/wp-json\/wp\/v2\/pages"}],"about":[{"href":"https:\/\/www.koucink-pardubice.cz\/index.php\/wp-json\/wp\/v2\/types\/page"}],"author":[{"embeddable":true,"href":"https:\/\/www.koucink-pardubice.cz\/index.php\/wp-json\/wp\/v2\/users\/1"}],"replies":[{"embeddable":true,"href":"https:\/\/www.koucink-pardubice.cz\/index.php\/wp-json\/wp\/v2\/comments?post=2"}],"version-history":[{"count":14,"href":"https:\/\/www.koucink-pardubice.cz\/index.php\/wp-json\/wp\/v2\/pages\/2\/revisions"}],"predecessor-version":[{"id":100,"href":"https:\/\/www.koucink-pardubice.cz\/index.php\/wp-json\/wp\/v2\/pages\/2\/revisions\/100"}],"wp:attachment":[{"href":"https:\/\/www.koucink-pardubice.cz\/index.php\/wp-json\/wp\/v2\/media?parent=2"}],"curies":[{"name":"wp","href":"https:\/\/api.w.org\/{rel}","templated":true}]}}